{"id":15,"date":"2019-08-05T11:22:28","date_gmt":"2019-08-05T11:22:28","guid":{"rendered":"http:\/\/dazzlersoftware.com\/testwp\/gymnaz\/?page_id=15"},"modified":"2022-06-20T14:21:46","modified_gmt":"2022-06-20T14:21:46","slug":"home-1","status":"publish","type":"page","link":"https:\/\/www.dubensound.cz\/","title":{"rendered":"KDO JSME"},"content":{"rendered":"<p>[vc_section content_placement=&#8220;top&#8220;][vc_row full_width=&#8220;stretch_row_content_no_spaces&#8220;][vc_column][gymnaz_slider slider_item=&#8220;%5B%7B%22heading%22%3A%22JSME%20MIST%C5%98I%20ZVUKU%22%2C%22heading_2%22%3A%22_%22%2C%22sub_heading%22%3A%22Zvu%C4%8D%C3%ADme%20a%20technicky%20zaji%C5%A1%C5%A5ujeme%20nejr%C5%AFzn%C4%9Bj%C5%A1%C3%AD%20akce%20u%C5%BE%20v%C3%ADc%20jak%2035%20let%22%2C%22image_bg%22%3A%222744%22%2C%22btn_txt%22%3A%22v%C3%ADce%20%22%2C%22btn_url%22%3A%22%3Fpage_id%3D2653%22%7D%2C%7B%22heading%22%3A%22ZVU%C4%8C%C3%8DME%20A%20TECHNICKY%20ZAJI%C5%A0%C5%A4UJEME%20VA%C5%A0E%20AKCE%22%2C%22heading_2%22%3A%22__%22%2C%22sub_heading%22%3A%22Hudebn%C3%AD%20festivaly%2C%20koncerty%2C%20korpor%C3%A1tn%C3%AD%20eventy%2C%20mezin%C3%A1rodn%C3%AD%20projekty%2C%20reklamn%C3%AD%20akce%2C%20party%22%2C%22image_bg%22%3A%222746%22%2C%22btn_txt%22%3A%22v%C3%ADce%20%22%2C%22btn_url%22%3A%22%3Fpage_id%3D2653%22%7D%2C%7B%22heading%22%3A%22JSME%20SEHRAN%C3%9D%20T%C3%9DM%20PROFESION%C3%81L%C5%AE%20%22%2C%22heading_2%22%3A%22___%22%2C%22sub_heading%22%3A%22Pracujeme%20s%20nejmodern%C4%9Bj%C5%A1%C3%AD%20technikou%20a%20%C5%A1pi%C4%8Dkov%C3%BDmi%20syst%C3%A9my%22%2C%22image_bg%22%3A%222747%22%2C%22btn_txt%22%3A%22v%C3%ADce%20zde%22%2C%22btn_url%22%3A%22%3Fpage_id%3D2653%22%7D%5D&#8220;][\/vc_column][\/vc_row][\/vc_section][vc_section css=&#8220;.vc_custom_1649692456171{padding-top: 100px !important;padding-bottom: 70px !important;background-color: #f7f7f7 !important;}&#8220;][vc_row full_width=&#8220;stretch_row&#8220;][vc_column css=&#8220;.vc_custom_1565007508450{padding-top: 0px !important;}&#8220;][gymnaz_heading icon_fontawesome=&#8220;fa fa-music&#8220; title=&#8220;Jan Duben a DUBEN SOUND COMPANY&#8220; description=&#8220;Na\u0161\u00ed dom\u00e9nou je zvuk. Za Duben Sound Company stoj\u00ed Jan Duben. Jeden z nejzku\u0161en\u011bj\u0161\u00edch profesion\u00e1ln\u00edch zvuka\u0159\u016f v \u010cesku.&#8220; el_class=&#8220;Jan Duben a DUBEN SOUND COMPANY. Na\u0161\u00ed dom\u00e9nou je zvuk. Za Duben Sound Company stoj\u00ed Jan Duben. Jeden z nejzku\u0161en\u011bj\u0161\u00edch profesion\u00e1ln\u00edch zvuka\u0159\u016f v \u010cesku.&#8220;][\/vc_column][vc_column offset=&#8220;vc_col-lg-6 vc_col-md-6&#8243;][vc_empty_space][vc_row_inner row_border_box=&#8220;row-border-box&#8220;][vc_column_inner][vc_single_image image=&#8220;2829&#8243; img_size=&#8220;full&#8220; alignment=&#8220;center&#8220; ct_image_align_md=&#8220;image_align_sm_center&#8220; ct_image_align=&#8220;image_align_xs_center&#8220;][\/vc_column_inner][\/vc_row_inner][\/vc_column][vc_column offset=&#8220;vc_col-lg-6 vc_col-md-6&#8243;][gymnaz_feature_text title=&#8220;Nab\u00edz\u00edme celkov\u00e1 technick\u00e1 \u0159e\u0161en\u00ed spole\u010densk\u00fdch, kulturn\u00edch a firemn\u00edch akc\u00ed.&#8220; description=&#8220;Specializujeme se na koncerty, festivaly, slavnosti, konference, firemn\u00ed a reklamn\u00ed akce, roadshow, party a ve\u010d\u00edrky. A to od komorn\u00edch ud\u00e1lost\u00ed a\u017e po rozs\u00e1hl\u00e9 mezin\u00e1rodn\u00ed projekty.<\/p>\n<p>P\u0159i sv\u00e9 pr\u00e1ci vyu\u017e\u00edv\u00e1me \u0161pi\u010dkovou techniku a sledujeme technick\u00e9 inovace.&#8220;][gymnaz_feature_text title=&#8220;POSKYTUJEME ODBORN\u00c9 KONZULTACE A SUPERVIZI&#8220; description=&#8220;Po\u0159\u00e1d\u00e1te konferenci, party, koncert nebo event pro klienty? Nev\u00edte si rady s technikou? Sm\u011ble se na n\u00e1s obra\u0165te. Va\u0161i kulturn\u00ed nebo spole\u010denskou ud\u00e1lost kompletn\u011b zprodukujeme nebo vybav\u00edme. Jsme schopni se pod\u00edlet na jednotliv\u00fdch \u010d\u00e1stech eventu. Na\u0161\u00edm c\u00edlem je do punt\u00edku vylad\u011bn\u00e1 a skv\u011ble nazvu\u010den\u00e1 akce.&#8220;][gymnaz_feature_text title=&#8220;\u017dIJEME DOKONAL\u00ddM ZVUKEM&#8220; description=&#8220;V\u017edy n\u00e1m jde o kvalitn\u00ed, profesion\u00e1ln\u00ed a spolehliv\u00fd servis. Co sl\u00edb\u00edme, to spln\u00edme. Pou\u017e\u00edv\u00e1me \u0161pi\u010dkov\u00e9 zvukov\u00e9 syst\u00e9my a sv\u011bteln\u00e1 vybaven\u00ed. Sledujeme trendy, nejnov\u011bj\u0161\u00ed postupy a technologie. Na\u0161e pr\u00e1ce n\u00e1s jednodu\u0161e bav\u00ed.&#8220;][\/vc_column][\/vc_row][\/vc_section][vc_section full_width=&#8220;stretch_row&#8220; parallax=&#8220;content-moving&#8220; parallax_speed_bg=&#8220;2.5&#8243; css=&#8220;.vc_custom_1649521294455{padding-top: 0px !important;}&#8220;][vc_row full_width=&#8220;stretch_row&#8220; css=&#8220;.vc_custom_1649544554534{padding-top: 100px !important;padding-bottom: 70px !important;background-color: rgba(0,0,0,0.75) !important;*background-color: rgb(0,0,0) !important;}&#8220;][vc_column width=&#8220;1\/2&#8243; css=&#8220;.vc_custom_1565088783403{padding-top: 0px !important;}&#8220; offset=&#8220;vc_col-lg-3 vc_col-md-3 vc_col-xs-12&#8243;][gymnaz_counter title=&#8220;LET PRAXE V OBORU&#8220; icon_list=&#8220;fontawesome&#8220; icon_fontawesome=&#8220;fa fa-heart&#8220; icon_flaticon=&#8220;&#8220; digit=&#8220;35&#8243; el_class=&#8220;&#8220; undefined=&#8220;&#8220;][\/vc_column][vc_column width=&#8220;1\/2&#8243; css=&#8220;.vc_custom_1565088793982{padding-top: 0px !important;}&#8220; offset=&#8220;vc_col-lg-3 vc_col-md-3 vc_col-xs-12&#8243;][gymnaz_counter title=&#8220;KULTURN\u00cdCH AKC\u00cd&#8220; icon_list=&#8220;fontawesome&#8220; icon_fontawesome=&#8220;fa fa-flag&#8220; icon_flaticon=&#8220;&#8220; digit=&#8220;4674&#8243; el_class=&#8220;&#8220; undefined=&#8220;&#8220;][\/vc_column][vc_column width=&#8220;1\/2&#8243; css=&#8220;.vc_custom_1565088804712{padding-top: 0px !important;}&#8220; offset=&#8220;vc_col-lg-3 vc_col-md-3 vc_col-xs-12&#8243;][gymnaz_counter title=&#8220;KONCERT\u016e&#8220; icon_list=&#8220;fontawesome&#8220; icon_fontawesome=&#8220;fa fa-music&#8220; icon_flaticon=&#8220;&#8220; digit=&#8220;1721&#8243; el_class=&#8220;&#8220; undefined=&#8220;&#8220;][\/vc_column][vc_column width=&#8220;1\/2&#8243; css=&#8220;.vc_custom_1565088814807{padding-top: 0px !important;}&#8220; offset=&#8220;vc_col-lg-3 vc_col-md-3 vc_col-xs-12&#8243;][gymnaz_counter title=&#8220;ONLINE P\u0158ENOS\u016e&#8220; icon_list=&#8220;fontawesome&#8220; icon_fontawesome=&#8220;fa fa-wifi&#8220; icon_flaticon=&#8220;&#8220; digit=&#8220;148&#8243; el_class=&#8220;&#8220; undefined=&#8220;&#8220;][\/vc_column][\/vc_row][\/vc_section][vc_row][vc_column][vc_empty_space height=&#8220;70px&#8220;][\/vc_column][\/vc_row][vc_row css=&#8220;.vc_custom_1649543782779{background-position: 0 0 !important;background-repeat: no-repeat !important;}&#8220;][vc_column][gymnaz_heading title=&#8220;JAN DUBEN&#8220; description=&#8220;P\u016fsob\u00ed jako profesion\u00e1ln\u00ed zvuka\u0159 u\u017e od roku 1986.&#8220; el_class=&#8220;Jan Duben a DUBEN SOUND COMPANY. Na\u0161\u00ed dom\u00e9nou je zvuk. Za Duben Sound Company stoj\u00ed Jan Duben. Jeden z nejzku\u0161en\u011bj\u0161\u00edch profesion\u00e1ln\u00edch zvuka\u0159\u016f v \u010cesku.&#8220;][\/vc_column][\/vc_row][vc_row full_width=&#8220;stretch_row&#8220; bg_image_position=&#8220;about-one&#8220;][vc_column width=&#8220;1\/2&#8243; css=&#8220;.vc_custom_1565007508450{padding-top: 0px !important;}&#8220;][gymnaz_feature_text title=&#8220;DVORN\u00cd ZVUKA\u0158 HUDEBN\u00cdCH KAPEL&#8220; description=&#8220;Marsyas, C. K. Vokal, V\u00edtkovo kvarteto, Nerez, The Tap Tap, Ka\u0161p\u00e1rek v rohl\u00edku, Vltava, Krucip\u00fcsk, Pra\u017esk\u00fd v\u00fdb\u011br II, Priessnitz, Kafka Band, Tata Bojs a mnoh\u00fdch dal\u0161\u00edch.&#8220;][gymnaz_feature_text title=&#8220;OD KONCERT\u016e A\u017d PO HUDEBN\u00cd FESTIVALY&#8220; description=&#8220;Zvu\u010dil koncerty mnoha zahrani\u010dn\u00edch hv\u011bzd jako je Jethro Tull, John Mayall, Natalia Oreiro, Carl Cox, Vanessa Mae, Slayer. Jeho dom\u00e9nou je tak\u00e9 zvu\u010den\u00ed tane\u010dn\u00edch festival\u016f, nap\u0159\u00edklad Open Air Field, Svoj\u0161ice a dal\u0161\u00ed. Duben Sound Company zast\u0159e\u0161ovala celkov\u00e1 technick\u00e1 \u0159e\u0161en\u00ed p\u0159edn\u00edch hudebn\u00edch festival\u016f a akc\u00ed jako je Trutnov Open Air Festival, Rock for People nebo Colours of Ostrava.&#8220;][gymnaz_feature_text title=&#8220;ODBORN\u00dd KONZULTANT A LEKTOR&#8220; description=&#8220;D\u00edky sv\u00fdm rozs\u00e1hl\u00fdm zku\u0161enostem je vyhled\u00e1van\u00fdm odborn\u00fdm konzultantem a tak\u00e9 supervizorem technick\u00e9ho zaji\u0161t\u011bn\u00ed v\u00fdznamn\u00fdch kulturn\u00edch a spole\u010densk\u00fdch ud\u00e1lost\u00ed, rozhlasov\u00fdch a televizn\u00edch p\u0159enos\u016f. V \u010cesk\u00e9 republice byl prvn\u00edm, kdo za\u010dal pro svou pr\u00e1ci pou\u017e\u00edvat digit\u00e1ln\u00ed zvukov\u00e9 pulty. Od roku 2016 je kmenov\u00fdm lektorem technick\u00fdch workshop\u016f Produk\u010dn\u00ed skupiny ART GATE behind the scenes.&#8220;][\/vc_column][vc_column width=&#8220;1\/2&#8243; offset=&#8220;vc_col-lg-6 vc_col-md-6&#8243;][vc_row_inner row_border_box=&#8220;row-border-box&#8220;][vc_column_inner][vc_single_image image=&#8220;3279&#8243; img_size=&#8220;full&#8220; alignment=&#8220;center&#8220; ct_image_align_md=&#8220;image_align_sm_center&#8220; ct_image_align=&#8220;image_align_xs_center&#8220;][\/vc_column_inner][\/vc_row_inner][\/vc_column][\/vc_row][vc_section full_width=&#8220;stretch_row&#8220; css=&#8220;.vc_custom_1565005692683{padding-top: 100px !important;padding-bottom: 70px !important;background-color: #f7f7f7 !important;}&#8220;][vc_row][vc_column][vc_empty_space height=&#8220;70px&#8220;][\/vc_column][\/vc_row][vc_row][vc_column][gymnaz_heading icon_fontawesome=&#8220;fa fa-check&#8220; title=&#8220;V\u00fdhody spolupr\u00e1ce s DUBEN SOUND COMPANY&#8220; ikona=&#8220;fa-regular fa-anchor-circle-check&#8220; description=&#8220;Pat\u0159\u00edme k nejzku\u0161en\u011bj\u0161\u00edm firm\u00e1m na trhu v oblasti zvuku. Nab\u00edz\u00edme celkov\u00e1 technick\u00e1 \u0159e\u0161en\u00ed spole\u010densk\u00fdch, kulturn\u00edch a firemn\u00edch akc\u00ed. Zvuka\u0159sk\u00e9 slu\u017eby dod\u00e1v\u00e1me na m\u00edru a p\u0159esn\u011b podle va\u0161ich po\u017eadavk\u016f. Zakladatel a majitel Jan Duben pat\u0159\u00ed mezi p\u0159edn\u00ed dom\u00e1c\u00ed zvuka\u0159e. Poskytujeme kvalitn\u00ed, profesion\u00e1ln\u00ed a spolehliv\u00fd servis. Nab\u00edz\u00edme \u0161pi\u010dkov\u00e9 zvukov\u00e9 syst\u00e9my, n\u00e1stroje a sv\u011bteln\u00e9 vybaven\u00ed. N\u00e1sledujeme trendy v technice. Co sl\u00edb\u00edme, to spln\u00edme. M\u00e1te na\u0161e slovo.&#8220;][\/vc_column][\/vc_row][\/vc_section]<\/p>\n","protected":false},"excerpt":{"rendered":"<p>[vc_section content_placement=&#8220;top&#8220;][vc_row full_width=&#8220;stretch_row_content_no_spaces&#8220;][vc_column][gymnaz_slider slider_item=&#8220;%5B%7B%22heading%22%3A%22JSME%20MIST%C5%98I%20ZVUKU%22%2C%22heading_2%22%3A%22_%22%2C%22sub_heading%22%3A%22Zvu%C4%8D%C3%ADme%20a%20technicky%20zaji%C5%A1%C5%A5ujeme%20nejr%C5%AFzn%C4%9Bj%C5%A1%C3%AD%20akce%20u%C5%BE%20v%C3%ADc%20jak%2035%20let%22%2C%22image_bg%22%3A%222744%22%2C%22btn_txt%22%3A%22v%C3%ADce%20%22%2C%22btn_url%22%3A%22%3Fpage_id%3D2653%22%7D%2C%7B%22heading%22%3A%22ZVU%C4%8C%C3%8DME%20A%20TECHNICKY%20ZAJI%C5%A0%C5%A4UJEME%20VA%C5%A0E%20AKCE%22%2C%22heading_2%22%3A%22__%22%2C%22sub_heading%22%3A%22Hudebn%C3%AD%20festivaly%2C%20koncerty%2C%20korpor%C3%A1tn%C3%AD%20eventy%2C%20mezin%C3%A1rodn%C3%AD%20projekty%2C%20reklamn%C3%AD%20akce%2C%20party%22%2C%22image_bg%22%3A%222746%22%2C%22btn_txt%22%3A%22v%C3%ADce%20%22%2C%22btn_url%22%3A%22%3Fpage_id%3D2653%22%7D%2C%7B%22heading%22%3A%22JSME%20SEHRAN%C3%9D%20T%C3%9DM%20PROFESION%C3%81L%C5%AE%20%22%2C%22heading_2%22%3A%22___%22%2C%22sub_heading%22%3A%22Pracujeme%20s%20nejmodern%C4%9Bj%C5%A1%C3%AD%20technikou%20a%20%C5%A1pi%C4%8Dkov%C3%BDmi%20syst%C3%A9my%22%2C%22image_bg%22%3A%222747%22%2C%22btn_txt%22%3A%22v%C3%ADce%20zde%22%2C%22btn_url%22%3A%22%3Fpage_id%3D2653%22%7D%5D&#8220;][\/vc_column][\/vc_row][\/vc_section][vc_section css=&#8220;.vc_custom_1649692456171{padding-top: 100px !important;padding-bottom: 70px !important;background-color: #f7f7f7 !important;}&#8220;][vc_row full_width=&#8220;stretch_row&#8220;][vc_column css=&#8220;.vc_custom_1565007508450{padding-top: 0px !important;}&#8220;][gymnaz_heading icon_fontawesome=&#8220;fa fa-music&#8220; title=&#8220;Jan Duben a DUBEN SOUND COMPANY&#8220; description=&#8220;Na\u0161\u00ed dom\u00e9nou je zvuk. Za Duben Sound Company stoj\u00ed Jan Duben. Jeden z nejzku\u0161en\u011bj\u0161\u00edch profesion\u00e1ln\u00edch zvuka\u0159\u016f v \u010cesku.&#8220; el_class=&#8220;Jan Duben a DUBEN SOUND COMPANY. Na\u0161\u00ed dom\u00e9nou je zvuk. Za Duben Sound Company [&hellip;]<\/p>\n","protected":false},"author":2,"featured_media":0,"parent":0,"menu_order":1,"comment_status":"closed","ping_status":"closed","template":"","meta":[],"_links":{"self":[{"href":"https:\/\/www.dubensound.cz\/index.php?rest_route=\/wp\/v2\/pages\/15"}],"collection":[{"href":"https:\/\/www.dubensound.cz\/index.php?rest_route=\/wp\/v2\/pages"}],"about":[{"href":"https:\/\/www.dubensound.cz\/index.php?rest_route=\/wp\/v2\/types\/page"}],"author":[{"embeddable":true,"href":"https:\/\/www.dubensound.cz\/index.php?rest_route=\/wp\/v2\/users\/2"}],"replies":[{"embeddable":true,"href":"https:\/\/www.dubensound.cz\/index.php?rest_route=%2Fwp%2Fv2%2Fcomments&post=15"}],"version-history":[{"count":237,"href":"https:\/\/www.dubensound.cz\/index.php?rest_route=\/wp\/v2\/pages\/15\/revisions"}],"predecessor-version":[{"id":3280,"href":"https:\/\/www.dubensound.cz\/index.php?rest_route=\/wp\/v2\/pages\/15\/revisions\/3280"}],"wp:attachment":[{"href":"https:\/\/www.dubensound.cz\/index.php?rest_route=%2Fwp%2Fv2%2Fmedia&parent=15"}],"curies":[{"name":"wp","href":"https:\/\/api.w.org\/{rel}","templated":true}]}}